{"id":177630,"date":"2022-11-08T13:03:16","date_gmt":"2022-11-08T18:03:16","guid":{"rendered":"http:\/\/www.dumoulinbicyclettes.com\/?post_type=product&#038;p=177630"},"modified":"2025-10-23T19:00:45","modified_gmt":"2025-10-23T23:00:45","slug":"casque-abus-pedelec-2-0-ace","status":"publish","type":"product","link":"https:\/\/www.dumoulinbicyclettes.com\/en\/product\/casque-abus-pedelec-2-0-ace\/","title":{"rendered":"Casque de v\u00e9lo Abus Pedelec 2.0 \u00abAce\u00bb"},"content":{"rendered":"<p>Le casque Abus Pedelec \u00abAce\u00bb est con\u00e7u pour les cyclistes du quotidien. Celles et ceux qui se d\u00e9placent \u00e0 l&#8217;ann\u00e9e vont appr\u00e9cier la visi\u00e8re, les cache-oreilles fournis et la capote de pluie int\u00e9gr\u00e9e.<\/p>\n","protected":false},"excerpt":{"rendered":"<p>Le casque Abus Pedelec \u00abAce\u00bb est con\u00e7u pour les cyclistes du quotidien. Celles et ceux qui se d\u00e9placent \u00e0 l&#8217;ann\u00e9e vont appr\u00e9cier la visi\u00e8re, les cache-oreilles fournis et la capote de pluie int\u00e9gr\u00e9e.<\/p>\n","protected":false},"featured_media":177649,"template":"","meta":{"_acf_changed":false},"product_brand":[],"product_cat":[186,185],"product_tag":[3252,2478,3329,2395,2905],"marque-produit":[1417],"collection-produit":[2904],"type-surface-produit":[],"type-velo-produit":[],"vetement-produit":[],"thematique-produit":[1238],"position-sur-le-v\u00e9lo":[],"class_list":{"0":"post-177630","1":"product","2":"type-product","3":"status-publish","4":"has-post-thumbnail","6":"product_cat-adultes","7":"product_cat-casques","8":"product_tag-2-0","9":"product_tag-abus","10":"product_tag-ace","11":"product_tag-casque","12":"product_tag-pedelec","13":"marque-produit-abus","14":"collection-produit-casques","15":"thematique-produit-hiver","17":"first","18":"instock","19":"sale","20":"taxable","21":"shipping-taxable","22":"purchasable","23":"product-type-variable"},"acf":[],"yoast_head":"<!-- This site is optimized with the Yoast SEO plugin v27.3 - https:\/\/yoast.com\/product\/yoast-seo-wordpress\/ -->\n<title>Casque de v\u00e9lo Abus Pedelec 2.0 \u00abAce\u00bb - Dumoulin Bicyclettes<\/title>\n<meta name=\"description\" content=\"Le casque de v\u00e9lo Abus Pedelec 2.0 \u00abAce\u00bb est pens\u00e9 pour celles et ceux qui utilisent un v\u00e9lo \u00e9lectrique. Il est aussi excellent pour tous les journaliers.\" \/>\n<meta name=\"robots\" content=\"index, follow, max-snippet:-1, max-image-preview:large, max-video-preview:-1\" \/>\n<link rel=\"canonical\" href=\"https:\/\/www.dumoulinbicyclettes.com\/produit\/casque-abus-pedelec-2-0-ace\/\" \/>\n<meta property=\"og:locale\" content=\"en_US\" \/>\n<meta property=\"og:type\" content=\"article\" \/>\n<meta property=\"og:title\" content=\"Casque de v\u00e9lo Abus Pedelec 2.0 \u00abAce\u00bb - Dumoulin Bicyclettes\" \/>\n<meta property=\"og:description\" content=\"Le casque de v\u00e9lo Abus Pedelec 2.0 \u00abAce\u00bb est pens\u00e9 pour celles et ceux qui utilisent un v\u00e9lo \u00e9lectrique. Il est aussi excellent pour tous les journaliers.\" \/>\n<meta property=\"og:url\" content=\"https:\/\/www.dumoulinbicyclettes.com\/produit\/casque-abus-pedelec-2-0-ace\/\" \/>\n<meta property=\"og:site_name\" content=\"Dumoulin Bicyclettes\" \/>\n<meta property=\"article:publisher\" content=\"https:\/\/www.facebook.com\/dumoulinbicyclettes\" \/>\n<meta property=\"article:modified_time\" content=\"2025-10-23T23:00:45+00:00\" \/>\n<meta property=\"og:image\" content=\"http:\/\/www.dumoulinbicyclettes.com\/wp-content\/uploads\/2022\/11\/Abus_Pedelec_2_ace_850521-01_1.jpg\" \/>\n\t<meta property=\"og:image:width\" content=\"900\" \/>\n\t<meta property=\"og:image:height\" content=\"900\" \/>\n\t<meta property=\"og:image:type\" content=\"image\/jpeg\" \/>\n<meta name=\"twitter:card\" content=\"summary_large_image\" \/>\n<meta name=\"twitter:label1\" content=\"Est. reading time\" \/>\n\t<meta name=\"twitter:data1\" content=\"1 minute\" \/>\n<script type=\"application\/ld+json\" class=\"yoast-schema-graph\">{\"@context\":\"https:\\\/\\\/schema.org\",\"@graph\":[{\"@type\":\"WebPage\",\"@id\":\"https:\\\/\\\/www.dumoulinbicyclettes.com\\\/produit\\\/casque-abus-pedelec-2-0-ace\\\/\",\"url\":\"https:\\\/\\\/www.dumoulinbicyclettes.com\\\/produit\\\/casque-abus-pedelec-2-0-ace\\\/\",\"name\":\"Casque de v\u00e9lo Abus Pedelec 2.0 \u00abAce\u00bb - Dumoulin Bicyclettes\",\"isPartOf\":{\"@id\":\"https:\\\/\\\/www.dumoulinbicyclettes.com\\\/#website\"},\"primaryImageOfPage\":{\"@id\":\"https:\\\/\\\/www.dumoulinbicyclettes.com\\\/produit\\\/casque-abus-pedelec-2-0-ace\\\/#primaryimage\"},\"image\":{\"@id\":\"https:\\\/\\\/www.dumoulinbicyclettes.com\\\/produit\\\/casque-abus-pedelec-2-0-ace\\\/#primaryimage\"},\"thumbnailUrl\":\"https:\\\/\\\/www.dumoulinbicyclettes.com\\\/wp-content\\\/uploads\\\/2022\\\/11\\\/Abus_Pedelec_2_ace_850521-01_1.jpg\",\"datePublished\":\"2022-11-08T18:03:16+00:00\",\"dateModified\":\"2025-10-23T23:00:45+00:00\",\"description\":\"Le casque de v\u00e9lo Abus Pedelec 2.0 \u00abAce\u00bb est pens\u00e9 pour celles et ceux qui utilisent un v\u00e9lo \u00e9lectrique. Il est aussi excellent pour tous les journaliers.\",\"breadcrumb\":{\"@id\":\"https:\\\/\\\/www.dumoulinbicyclettes.com\\\/produit\\\/casque-abus-pedelec-2-0-ace\\\/#breadcrumb\"},\"inLanguage\":\"en-US\",\"potentialAction\":[{\"@type\":\"ReadAction\",\"target\":[\"https:\\\/\\\/www.dumoulinbicyclettes.com\\\/produit\\\/casque-abus-pedelec-2-0-ace\\\/\"]}]},{\"@type\":\"ImageObject\",\"inLanguage\":\"en-US\",\"@id\":\"https:\\\/\\\/www.dumoulinbicyclettes.com\\\/produit\\\/casque-abus-pedelec-2-0-ace\\\/#primaryimage\",\"url\":\"https:\\\/\\\/www.dumoulinbicyclettes.com\\\/wp-content\\\/uploads\\\/2022\\\/11\\\/Abus_Pedelec_2_ace_850521-01_1.jpg\",\"contentUrl\":\"https:\\\/\\\/www.dumoulinbicyclettes.com\\\/wp-content\\\/uploads\\\/2022\\\/11\\\/Abus_Pedelec_2_ace_850521-01_1.jpg\",\"width\":900,\"height\":900,\"caption\":\"Casque Abus Pedelec 2.0 Ace\"},{\"@type\":\"BreadcrumbList\",\"@id\":\"https:\\\/\\\/www.dumoulinbicyclettes.com\\\/produit\\\/casque-abus-pedelec-2-0-ace\\\/#breadcrumb\",\"itemListElement\":[{\"@type\":\"ListItem\",\"position\":1,\"name\":\"Home\",\"item\":\"https:\\\/\\\/www.dumoulinbicyclettes.com\\\/en\\\/\"},{\"@type\":\"ListItem\",\"position\":2,\"name\":\"Shop\",\"item\":\"https:\\\/\\\/www.dumoulinbicyclettes.com\\\/en\\\/shop\\\/\"},{\"@type\":\"ListItem\",\"position\":3,\"name\":\"Casque de v\u00e9lo Abus Pedelec 2.0 \u00abAce\u00bb\"}]},{\"@type\":\"WebSite\",\"@id\":\"https:\\\/\\\/www.dumoulinbicyclettes.com\\\/#website\",\"url\":\"https:\\\/\\\/www.dumoulinbicyclettes.com\\\/\",\"name\":\"Dumoulin Bicyclettes\",\"description\":\"\",\"publisher\":{\"@id\":\"https:\\\/\\\/www.dumoulinbicyclettes.com\\\/#organization\"},\"potentialAction\":[{\"@type\":\"SearchAction\",\"target\":{\"@type\":\"EntryPoint\",\"urlTemplate\":\"https:\\\/\\\/www.dumoulinbicyclettes.com\\\/?s={search_term_string}\"},\"query-input\":{\"@type\":\"PropertyValueSpecification\",\"valueRequired\":true,\"valueName\":\"search_term_string\"}}],\"inLanguage\":\"en-US\"},{\"@type\":\"Organization\",\"@id\":\"https:\\\/\\\/www.dumoulinbicyclettes.com\\\/#organization\",\"name\":\"Dumoulin Bicyclettes\",\"url\":\"https:\\\/\\\/www.dumoulinbicyclettes.com\\\/\",\"logo\":{\"@type\":\"ImageObject\",\"inLanguage\":\"en-US\",\"@id\":\"https:\\\/\\\/www.dumoulinbicyclettes.com\\\/#\\\/schema\\\/logo\\\/image\\\/\",\"url\":\"https:\\\/\\\/www.dumoulinbicyclettes.com\\\/wp-content\\\/uploads\\\/2021\\\/04\\\/Logo.svg\",\"contentUrl\":\"https:\\\/\\\/www.dumoulinbicyclettes.com\\\/wp-content\\\/uploads\\\/2021\\\/04\\\/Logo.svg\",\"width\":254,\"height\":86,\"caption\":\"Dumoulin Bicyclettes\"},\"image\":{\"@id\":\"https:\\\/\\\/www.dumoulinbicyclettes.com\\\/#\\\/schema\\\/logo\\\/image\\\/\"},\"sameAs\":[\"https:\\\/\\\/www.facebook.com\\\/dumoulinbicyclettes\",\"https:\\\/\\\/www.instagram.com\\\/dumoulin.ca\\\/\",\"https:\\\/\\\/www.youtube.com\\\/user\\\/dumoulinbicyclettes\"]}]}<\/script>\n<!-- \/ Yoast SEO plugin. -->","yoast_head_json":{"title":"Casque de v\u00e9lo Abus Pedelec 2.0 \u00abAce\u00bb - Dumoulin Bicyclettes","description":"Le casque de v\u00e9lo Abus Pedelec 2.0 \u00abAce\u00bb est pens\u00e9 pour celles et ceux qui utilisent un v\u00e9lo \u00e9lectrique. Il est aussi excellent pour tous les journaliers.","robots":{"index":"index","follow":"follow","max-snippet":"max-snippet:-1","max-image-preview":"max-image-preview:large","max-video-preview":"max-video-preview:-1"},"canonical":"https:\/\/www.dumoulinbicyclettes.com\/produit\/casque-abus-pedelec-2-0-ace\/","og_locale":"en_US","og_type":"article","og_title":"Casque de v\u00e9lo Abus Pedelec 2.0 \u00abAce\u00bb - Dumoulin Bicyclettes","og_description":"Le casque de v\u00e9lo Abus Pedelec 2.0 \u00abAce\u00bb est pens\u00e9 pour celles et ceux qui utilisent un v\u00e9lo \u00e9lectrique. Il est aussi excellent pour tous les journaliers.","og_url":"https:\/\/www.dumoulinbicyclettes.com\/produit\/casque-abus-pedelec-2-0-ace\/","og_site_name":"Dumoulin Bicyclettes","article_publisher":"https:\/\/www.facebook.com\/dumoulinbicyclettes","article_modified_time":"2025-10-23T23:00:45+00:00","og_image":[{"width":900,"height":900,"url":"http:\/\/www.dumoulinbicyclettes.com\/wp-content\/uploads\/2022\/11\/Abus_Pedelec_2_ace_850521-01_1.jpg","type":"image\/jpeg"}],"twitter_card":"summary_large_image","twitter_misc":{"Est. reading time":"1 minute"},"schema":{"@context":"https:\/\/schema.org","@graph":[{"@type":"WebPage","@id":"https:\/\/www.dumoulinbicyclettes.com\/produit\/casque-abus-pedelec-2-0-ace\/","url":"https:\/\/www.dumoulinbicyclettes.com\/produit\/casque-abus-pedelec-2-0-ace\/","name":"Casque de v\u00e9lo Abus Pedelec 2.0 \u00abAce\u00bb - Dumoulin Bicyclettes","isPartOf":{"@id":"https:\/\/www.dumoulinbicyclettes.com\/#website"},"primaryImageOfPage":{"@id":"https:\/\/www.dumoulinbicyclettes.com\/produit\/casque-abus-pedelec-2-0-ace\/#primaryimage"},"image":{"@id":"https:\/\/www.dumoulinbicyclettes.com\/produit\/casque-abus-pedelec-2-0-ace\/#primaryimage"},"thumbnailUrl":"https:\/\/www.dumoulinbicyclettes.com\/wp-content\/uploads\/2022\/11\/Abus_Pedelec_2_ace_850521-01_1.jpg","datePublished":"2022-11-08T18:03:16+00:00","dateModified":"2025-10-23T23:00:45+00:00","description":"Le casque de v\u00e9lo Abus Pedelec 2.0 \u00abAce\u00bb est pens\u00e9 pour celles et ceux qui utilisent un v\u00e9lo \u00e9lectrique. Il est aussi excellent pour tous les journaliers.","breadcrumb":{"@id":"https:\/\/www.dumoulinbicyclettes.com\/produit\/casque-abus-pedelec-2-0-ace\/#breadcrumb"},"inLanguage":"en-US","potentialAction":[{"@type":"ReadAction","target":["https:\/\/www.dumoulinbicyclettes.com\/produit\/casque-abus-pedelec-2-0-ace\/"]}]},{"@type":"ImageObject","inLanguage":"en-US","@id":"https:\/\/www.dumoulinbicyclettes.com\/produit\/casque-abus-pedelec-2-0-ace\/#primaryimage","url":"https:\/\/www.dumoulinbicyclettes.com\/wp-content\/uploads\/2022\/11\/Abus_Pedelec_2_ace_850521-01_1.jpg","contentUrl":"https:\/\/www.dumoulinbicyclettes.com\/wp-content\/uploads\/2022\/11\/Abus_Pedelec_2_ace_850521-01_1.jpg","width":900,"height":900,"caption":"Casque Abus Pedelec 2.0 Ace"},{"@type":"BreadcrumbList","@id":"https:\/\/www.dumoulinbicyclettes.com\/produit\/casque-abus-pedelec-2-0-ace\/#breadcrumb","itemListElement":[{"@type":"ListItem","position":1,"name":"Home","item":"https:\/\/www.dumoulinbicyclettes.com\/en\/"},{"@type":"ListItem","position":2,"name":"Shop","item":"https:\/\/www.dumoulinbicyclettes.com\/en\/shop\/"},{"@type":"ListItem","position":3,"name":"Casque de v\u00e9lo Abus Pedelec 2.0 \u00abAce\u00bb"}]},{"@type":"WebSite","@id":"https:\/\/www.dumoulinbicyclettes.com\/#website","url":"https:\/\/www.dumoulinbicyclettes.com\/","name":"Dumoulin Bicyclettes","description":"","publisher":{"@id":"https:\/\/www.dumoulinbicyclettes.com\/#organization"},"potentialAction":[{"@type":"SearchAction","target":{"@type":"EntryPoint","urlTemplate":"https:\/\/www.dumoulinbicyclettes.com\/?s={search_term_string}"},"query-input":{"@type":"PropertyValueSpecification","valueRequired":true,"valueName":"search_term_string"}}],"inLanguage":"en-US"},{"@type":"Organization","@id":"https:\/\/www.dumoulinbicyclettes.com\/#organization","name":"Dumoulin Bicyclettes","url":"https:\/\/www.dumoulinbicyclettes.com\/","logo":{"@type":"ImageObject","inLanguage":"en-US","@id":"https:\/\/www.dumoulinbicyclettes.com\/#\/schema\/logo\/image\/","url":"https:\/\/www.dumoulinbicyclettes.com\/wp-content\/uploads\/2021\/04\/Logo.svg","contentUrl":"https:\/\/www.dumoulinbicyclettes.com\/wp-content\/uploads\/2021\/04\/Logo.svg","width":254,"height":86,"caption":"Dumoulin Bicyclettes"},"image":{"@id":"https:\/\/www.dumoulinbicyclettes.com\/#\/schema\/logo\/image\/"},"sameAs":["https:\/\/www.facebook.com\/dumoulinbicyclettes","https:\/\/www.instagram.com\/dumoulin.ca\/","https:\/\/www.youtube.com\/user\/dumoulinbicyclettes"]}]}},"_links":{"self":[{"href":"https:\/\/www.dumoulinbicyclettes.com\/en\/wp-json\/wp\/v2\/product\/177630","targetHints":{"allow":["GET"]}}],"collection":[{"href":"https:\/\/www.dumoulinbicyclettes.com\/en\/wp-json\/wp\/v2\/product"}],"about":[{"href":"https:\/\/www.dumoulinbicyclettes.com\/en\/wp-json\/wp\/v2\/types\/product"}],"wp:featuredmedia":[{"embeddable":true,"href":"https:\/\/www.dumoulinbicyclettes.com\/en\/wp-json\/wp\/v2\/media\/177649"}],"wp:attachment":[{"href":"https:\/\/www.dumoulinbicyclettes.com\/en\/wp-json\/wp\/v2\/media?parent=177630"}],"wp:term":[{"taxonomy":"product_brand","embeddable":true,"href":"https:\/\/www.dumoulinbicyclettes.com\/en\/wp-json\/wp\/v2\/product_brand?post=177630"},{"taxonomy":"product_cat","embeddable":true,"href":"https:\/\/www.dumoulinbicyclettes.com\/en\/wp-json\/wp\/v2\/product_cat?post=177630"},{"taxonomy":"product_tag","embeddable":true,"href":"https:\/\/www.dumoulinbicyclettes.com\/en\/wp-json\/wp\/v2\/product_tag?post=177630"},{"taxonomy":"marque-produit","embeddable":true,"href":"https:\/\/www.dumoulinbicyclettes.com\/en\/wp-json\/wp\/v2\/marque-produit?post=177630"},{"taxonomy":"collection-produit","embeddable":true,"href":"https:\/\/www.dumoulinbicyclettes.com\/en\/wp-json\/wp\/v2\/collection-produit?post=177630"},{"taxonomy":"type-surface-produit","embeddable":true,"href":"https:\/\/www.dumoulinbicyclettes.com\/en\/wp-json\/wp\/v2\/type-surface-produit?post=177630"},{"taxonomy":"type-velo-produit","embeddable":true,"href":"https:\/\/www.dumoulinbicyclettes.com\/en\/wp-json\/wp\/v2\/type-velo-produit?post=177630"},{"taxonomy":"vetement-produit","embeddable":true,"href":"https:\/\/www.dumoulinbicyclettes.com\/en\/wp-json\/wp\/v2\/vetement-produit?post=177630"},{"taxonomy":"thematique-produit","embeddable":true,"href":"https:\/\/www.dumoulinbicyclettes.com\/en\/wp-json\/wp\/v2\/thematique-produit?post=177630"},{"taxonomy":"position-sur-le-v\u00e9lo","embeddable":true,"href":"https:\/\/www.dumoulinbicyclettes.com\/en\/wp-json\/wp\/v2\/position-sur-le-v\u00e9lo?post=177630"}],"curies":[{"name":"wp","href":"https:\/\/api.w.org\/{rel}","templated":true}]}}