{"id":321914,"date":"2023-11-07T15:05:15","date_gmt":"2023-11-07T20:05:15","guid":{"rendered":"http:\/\/www.dumoulinbicyclettes.com\/?post_type=product&#038;p=321914"},"modified":"2025-10-28T15:00:57","modified_gmt":"2025-10-28T19:00:57","slug":"casque-de-velo-lazer-cityzen-kineticore","status":"publish","type":"product","link":"https:\/\/www.dumoulinbicyclettes.com\/en\/product\/casque-de-velo-lazer-cityzen-kineticore\/","title":{"rendered":"Casque Lazer CityZen Kineticore"},"content":{"rendered":"<p>Casque de v\u00e9lo Lazer Cityzen au style urbain et d\u00e9contract\u00e9. Dot\u00e9 de l&#8217;excellente protection \u00ab<a href=\"https:\/\/www.lazersport.com\/global\/helmets\/leisure\/cityzen-kineticore\" target=\"_blank\" rel=\"noopener\">Kineticore<\/a>\u00bb, vous pouvez avoir confiance dans la protection que vous offre ce casque et rouler avec plaisir et confort.<\/p>\n","protected":false},"excerpt":{"rendered":"<p>Casque de v\u00e9lo Lazer Cityzen au style urbain et d\u00e9contract\u00e9. Dot\u00e9 de l&#8217;excellente protection \u00abKineticore\u00bb, vous pouvez avoir confiance dans la protection que vous offre ce casque et rouler avec plaisir et confort.<\/p>\n","protected":false},"featured_media":321921,"template":"","meta":{"_acf_changed":false},"product_brand":[],"product_cat":[186,185],"product_tag":[2395,3336,3337,2396],"marque-produit":[1393],"collection-produit":[],"type-surface-produit":[],"type-velo-produit":[],"vetement-produit":[],"thematique-produit":[],"position-sur-le-v\u00e9lo":[],"class_list":{"0":"post-321914","1":"product","2":"type-product","3":"status-publish","4":"has-post-thumbnail","6":"product_cat-adultes","7":"product_cat-casques","8":"product_tag-casque","9":"product_tag-cityzen","10":"product_tag-kineticore","11":"product_tag-lazer","12":"marque-produit-lazer","14":"first","15":"instock","16":"taxable","17":"shipping-taxable","18":"purchasable","19":"product-type-variable"},"acf":[],"yoast_head":"<!-- This site is optimized with the Yoast SEO plugin v27.3 - https:\/\/yoast.com\/product\/yoast-seo-wordpress\/ -->\n<title>Casque Lazer CityZen Kineticore - Dumoulin Bicyclettes<\/title>\n<meta name=\"description\" content=\"Le casque de v\u00e9lo Lazer Cityzen offre un style urbain et d\u00e9contract\u00e9 et est dot\u00e9 de l&#039;excellente protection \u00abKineticore\u00bb pour rouler avec plaisir et confort\" \/>\n<meta name=\"robots\" content=\"index, follow, max-snippet:-1, max-image-preview:large, max-video-preview:-1\" \/>\n<link rel=\"canonical\" href=\"https:\/\/www.dumoulinbicyclettes.com\/produit\/casque-de-velo-lazer-cityzen-kineticore\/\" \/>\n<meta property=\"og:locale\" content=\"en_US\" \/>\n<meta property=\"og:type\" content=\"article\" \/>\n<meta property=\"og:title\" content=\"Casque Lazer CityZen Kineticore - Dumoulin Bicyclettes\" \/>\n<meta property=\"og:description\" content=\"Le casque de v\u00e9lo Lazer Cityzen offre un style urbain et d\u00e9contract\u00e9 et est dot\u00e9 de l&#039;excellente protection \u00abKineticore\u00bb pour rouler avec plaisir et confort\" \/>\n<meta property=\"og:url\" content=\"https:\/\/www.dumoulinbicyclettes.com\/produit\/casque-de-velo-lazer-cityzen-kineticore\/\" \/>\n<meta property=\"og:site_name\" content=\"Dumoulin Bicyclettes\" \/>\n<meta property=\"article:publisher\" content=\"https:\/\/www.facebook.com\/dumoulinbicyclettes\" \/>\n<meta property=\"article:modified_time\" content=\"2025-10-28T19:00:57+00:00\" \/>\n<meta property=\"og:image\" content=\"http:\/\/www.dumoulinbicyclettes.com\/wp-content\/uploads\/2023\/11\/casque-lazer-cityzen-kineticore-.jpg\" \/>\n\t<meta property=\"og:image:width\" content=\"818\" \/>\n\t<meta property=\"og:image:height\" content=\"818\" \/>\n\t<meta property=\"og:image:type\" content=\"image\/jpeg\" \/>\n<meta name=\"twitter:card\" content=\"summary_large_image\" \/>\n<meta name=\"twitter:label1\" content=\"Est. reading time\" \/>\n\t<meta name=\"twitter:data1\" content=\"1 minute\" \/>\n<script type=\"application\/ld+json\" class=\"yoast-schema-graph\">{\"@context\":\"https:\\\/\\\/schema.org\",\"@graph\":[{\"@type\":\"WebPage\",\"@id\":\"https:\\\/\\\/www.dumoulinbicyclettes.com\\\/produit\\\/casque-de-velo-lazer-cityzen-kineticore\\\/\",\"url\":\"https:\\\/\\\/www.dumoulinbicyclettes.com\\\/produit\\\/casque-de-velo-lazer-cityzen-kineticore\\\/\",\"name\":\"Casque Lazer CityZen Kineticore - Dumoulin Bicyclettes\",\"isPartOf\":{\"@id\":\"https:\\\/\\\/www.dumoulinbicyclettes.com\\\/#website\"},\"primaryImageOfPage\":{\"@id\":\"https:\\\/\\\/www.dumoulinbicyclettes.com\\\/produit\\\/casque-de-velo-lazer-cityzen-kineticore\\\/#primaryimage\"},\"image\":{\"@id\":\"https:\\\/\\\/www.dumoulinbicyclettes.com\\\/produit\\\/casque-de-velo-lazer-cityzen-kineticore\\\/#primaryimage\"},\"thumbnailUrl\":\"https:\\\/\\\/www.dumoulinbicyclettes.com\\\/wp-content\\\/uploads\\\/2023\\\/11\\\/casque-lazer-cityzen-kineticore-.jpg\",\"datePublished\":\"2023-11-07T20:05:15+00:00\",\"dateModified\":\"2025-10-28T19:00:57+00:00\",\"description\":\"Le casque de v\u00e9lo Lazer Cityzen offre un style urbain et d\u00e9contract\u00e9 et est dot\u00e9 de l'excellente protection \u00abKineticore\u00bb pour rouler avec plaisir et confort\",\"breadcrumb\":{\"@id\":\"https:\\\/\\\/www.dumoulinbicyclettes.com\\\/produit\\\/casque-de-velo-lazer-cityzen-kineticore\\\/#breadcrumb\"},\"inLanguage\":\"en-US\",\"potentialAction\":[{\"@type\":\"ReadAction\",\"target\":[\"https:\\\/\\\/www.dumoulinbicyclettes.com\\\/produit\\\/casque-de-velo-lazer-cityzen-kineticore\\\/\"]}]},{\"@type\":\"ImageObject\",\"inLanguage\":\"en-US\",\"@id\":\"https:\\\/\\\/www.dumoulinbicyclettes.com\\\/produit\\\/casque-de-velo-lazer-cityzen-kineticore\\\/#primaryimage\",\"url\":\"https:\\\/\\\/www.dumoulinbicyclettes.com\\\/wp-content\\\/uploads\\\/2023\\\/11\\\/casque-lazer-cityzen-kineticore-.jpg\",\"contentUrl\":\"https:\\\/\\\/www.dumoulinbicyclettes.com\\\/wp-content\\\/uploads\\\/2023\\\/11\\\/casque-lazer-cityzen-kineticore-.jpg\",\"width\":818,\"height\":818,\"caption\":\"casque-lazer-cityzen-kineticore-\"},{\"@type\":\"BreadcrumbList\",\"@id\":\"https:\\\/\\\/www.dumoulinbicyclettes.com\\\/produit\\\/casque-de-velo-lazer-cityzen-kineticore\\\/#breadcrumb\",\"itemListElement\":[{\"@type\":\"ListItem\",\"position\":1,\"name\":\"Home\",\"item\":\"https:\\\/\\\/www.dumoulinbicyclettes.com\\\/en\\\/\"},{\"@type\":\"ListItem\",\"position\":2,\"name\":\"Shop\",\"item\":\"https:\\\/\\\/www.dumoulinbicyclettes.com\\\/en\\\/shop\\\/\"},{\"@type\":\"ListItem\",\"position\":3,\"name\":\"Casque Lazer CityZen Kineticore\"}]},{\"@type\":\"WebSite\",\"@id\":\"https:\\\/\\\/www.dumoulinbicyclettes.com\\\/#website\",\"url\":\"https:\\\/\\\/www.dumoulinbicyclettes.com\\\/\",\"name\":\"Dumoulin Bicyclettes\",\"description\":\"\",\"publisher\":{\"@id\":\"https:\\\/\\\/www.dumoulinbicyclettes.com\\\/#organization\"},\"potentialAction\":[{\"@type\":\"SearchAction\",\"target\":{\"@type\":\"EntryPoint\",\"urlTemplate\":\"https:\\\/\\\/www.dumoulinbicyclettes.com\\\/?s={search_term_string}\"},\"query-input\":{\"@type\":\"PropertyValueSpecification\",\"valueRequired\":true,\"valueName\":\"search_term_string\"}}],\"inLanguage\":\"en-US\"},{\"@type\":\"Organization\",\"@id\":\"https:\\\/\\\/www.dumoulinbicyclettes.com\\\/#organization\",\"name\":\"Dumoulin Bicyclettes\",\"url\":\"https:\\\/\\\/www.dumoulinbicyclettes.com\\\/\",\"logo\":{\"@type\":\"ImageObject\",\"inLanguage\":\"en-US\",\"@id\":\"https:\\\/\\\/www.dumoulinbicyclettes.com\\\/#\\\/schema\\\/logo\\\/image\\\/\",\"url\":\"https:\\\/\\\/www.dumoulinbicyclettes.com\\\/wp-content\\\/uploads\\\/2021\\\/04\\\/Logo.svg\",\"contentUrl\":\"https:\\\/\\\/www.dumoulinbicyclettes.com\\\/wp-content\\\/uploads\\\/2021\\\/04\\\/Logo.svg\",\"width\":254,\"height\":86,\"caption\":\"Dumoulin Bicyclettes\"},\"image\":{\"@id\":\"https:\\\/\\\/www.dumoulinbicyclettes.com\\\/#\\\/schema\\\/logo\\\/image\\\/\"},\"sameAs\":[\"https:\\\/\\\/www.facebook.com\\\/dumoulinbicyclettes\",\"https:\\\/\\\/www.instagram.com\\\/dumoulin.ca\\\/\",\"https:\\\/\\\/www.youtube.com\\\/user\\\/dumoulinbicyclettes\"]}]}<\/script>\n<!-- \/ Yoast SEO plugin. -->","yoast_head_json":{"title":"Casque Lazer CityZen Kineticore - Dumoulin Bicyclettes","description":"Le casque de v\u00e9lo Lazer Cityzen offre un style urbain et d\u00e9contract\u00e9 et est dot\u00e9 de l'excellente protection \u00abKineticore\u00bb pour rouler avec plaisir et confort","robots":{"index":"index","follow":"follow","max-snippet":"max-snippet:-1","max-image-preview":"max-image-preview:large","max-video-preview":"max-video-preview:-1"},"canonical":"https:\/\/www.dumoulinbicyclettes.com\/produit\/casque-de-velo-lazer-cityzen-kineticore\/","og_locale":"en_US","og_type":"article","og_title":"Casque Lazer CityZen Kineticore - Dumoulin Bicyclettes","og_description":"Le casque de v\u00e9lo Lazer Cityzen offre un style urbain et d\u00e9contract\u00e9 et est dot\u00e9 de l'excellente protection \u00abKineticore\u00bb pour rouler avec plaisir et confort","og_url":"https:\/\/www.dumoulinbicyclettes.com\/produit\/casque-de-velo-lazer-cityzen-kineticore\/","og_site_name":"Dumoulin Bicyclettes","article_publisher":"https:\/\/www.facebook.com\/dumoulinbicyclettes","article_modified_time":"2025-10-28T19:00:57+00:00","og_image":[{"width":818,"height":818,"url":"http:\/\/www.dumoulinbicyclettes.com\/wp-content\/uploads\/2023\/11\/casque-lazer-cityzen-kineticore-.jpg","type":"image\/jpeg"}],"twitter_card":"summary_large_image","twitter_misc":{"Est. reading time":"1 minute"},"schema":{"@context":"https:\/\/schema.org","@graph":[{"@type":"WebPage","@id":"https:\/\/www.dumoulinbicyclettes.com\/produit\/casque-de-velo-lazer-cityzen-kineticore\/","url":"https:\/\/www.dumoulinbicyclettes.com\/produit\/casque-de-velo-lazer-cityzen-kineticore\/","name":"Casque Lazer CityZen Kineticore - Dumoulin Bicyclettes","isPartOf":{"@id":"https:\/\/www.dumoulinbicyclettes.com\/#website"},"primaryImageOfPage":{"@id":"https:\/\/www.dumoulinbicyclettes.com\/produit\/casque-de-velo-lazer-cityzen-kineticore\/#primaryimage"},"image":{"@id":"https:\/\/www.dumoulinbicyclettes.com\/produit\/casque-de-velo-lazer-cityzen-kineticore\/#primaryimage"},"thumbnailUrl":"https:\/\/www.dumoulinbicyclettes.com\/wp-content\/uploads\/2023\/11\/casque-lazer-cityzen-kineticore-.jpg","datePublished":"2023-11-07T20:05:15+00:00","dateModified":"2025-10-28T19:00:57+00:00","description":"Le casque de v\u00e9lo Lazer Cityzen offre un style urbain et d\u00e9contract\u00e9 et est dot\u00e9 de l'excellente protection \u00abKineticore\u00bb pour rouler avec plaisir et confort","breadcrumb":{"@id":"https:\/\/www.dumoulinbicyclettes.com\/produit\/casque-de-velo-lazer-cityzen-kineticore\/#breadcrumb"},"inLanguage":"en-US","potentialAction":[{"@type":"ReadAction","target":["https:\/\/www.dumoulinbicyclettes.com\/produit\/casque-de-velo-lazer-cityzen-kineticore\/"]}]},{"@type":"ImageObject","inLanguage":"en-US","@id":"https:\/\/www.dumoulinbicyclettes.com\/produit\/casque-de-velo-lazer-cityzen-kineticore\/#primaryimage","url":"https:\/\/www.dumoulinbicyclettes.com\/wp-content\/uploads\/2023\/11\/casque-lazer-cityzen-kineticore-.jpg","contentUrl":"https:\/\/www.dumoulinbicyclettes.com\/wp-content\/uploads\/2023\/11\/casque-lazer-cityzen-kineticore-.jpg","width":818,"height":818,"caption":"casque-lazer-cityzen-kineticore-"},{"@type":"BreadcrumbList","@id":"https:\/\/www.dumoulinbicyclettes.com\/produit\/casque-de-velo-lazer-cityzen-kineticore\/#breadcrumb","itemListElement":[{"@type":"ListItem","position":1,"name":"Home","item":"https:\/\/www.dumoulinbicyclettes.com\/en\/"},{"@type":"ListItem","position":2,"name":"Shop","item":"https:\/\/www.dumoulinbicyclettes.com\/en\/shop\/"},{"@type":"ListItem","position":3,"name":"Casque Lazer CityZen Kineticore"}]},{"@type":"WebSite","@id":"https:\/\/www.dumoulinbicyclettes.com\/#website","url":"https:\/\/www.dumoulinbicyclettes.com\/","name":"Dumoulin Bicyclettes","description":"","publisher":{"@id":"https:\/\/www.dumoulinbicyclettes.com\/#organization"},"potentialAction":[{"@type":"SearchAction","target":{"@type":"EntryPoint","urlTemplate":"https:\/\/www.dumoulinbicyclettes.com\/?s={search_term_string}"},"query-input":{"@type":"PropertyValueSpecification","valueRequired":true,"valueName":"search_term_string"}}],"inLanguage":"en-US"},{"@type":"Organization","@id":"https:\/\/www.dumoulinbicyclettes.com\/#organization","name":"Dumoulin Bicyclettes","url":"https:\/\/www.dumoulinbicyclettes.com\/","logo":{"@type":"ImageObject","inLanguage":"en-US","@id":"https:\/\/www.dumoulinbicyclettes.com\/#\/schema\/logo\/image\/","url":"https:\/\/www.dumoulinbicyclettes.com\/wp-content\/uploads\/2021\/04\/Logo.svg","contentUrl":"https:\/\/www.dumoulinbicyclettes.com\/wp-content\/uploads\/2021\/04\/Logo.svg","width":254,"height":86,"caption":"Dumoulin Bicyclettes"},"image":{"@id":"https:\/\/www.dumoulinbicyclettes.com\/#\/schema\/logo\/image\/"},"sameAs":["https:\/\/www.facebook.com\/dumoulinbicyclettes","https:\/\/www.instagram.com\/dumoulin.ca\/","https:\/\/www.youtube.com\/user\/dumoulinbicyclettes"]}]}},"_links":{"self":[{"href":"https:\/\/www.dumoulinbicyclettes.com\/en\/wp-json\/wp\/v2\/product\/321914","targetHints":{"allow":["GET"]}}],"collection":[{"href":"https:\/\/www.dumoulinbicyclettes.com\/en\/wp-json\/wp\/v2\/product"}],"about":[{"href":"https:\/\/www.dumoulinbicyclettes.com\/en\/wp-json\/wp\/v2\/types\/product"}],"wp:featuredmedia":[{"embeddable":true,"href":"https:\/\/www.dumoulinbicyclettes.com\/en\/wp-json\/wp\/v2\/media\/321921"}],"wp:attachment":[{"href":"https:\/\/www.dumoulinbicyclettes.com\/en\/wp-json\/wp\/v2\/media?parent=321914"}],"wp:term":[{"taxonomy":"product_brand","embeddable":true,"href":"https:\/\/www.dumoulinbicyclettes.com\/en\/wp-json\/wp\/v2\/product_brand?post=321914"},{"taxonomy":"product_cat","embeddable":true,"href":"https:\/\/www.dumoulinbicyclettes.com\/en\/wp-json\/wp\/v2\/product_cat?post=321914"},{"taxonomy":"product_tag","embeddable":true,"href":"https:\/\/www.dumoulinbicyclettes.com\/en\/wp-json\/wp\/v2\/product_tag?post=321914"},{"taxonomy":"marque-produit","embeddable":true,"href":"https:\/\/www.dumoulinbicyclettes.com\/en\/wp-json\/wp\/v2\/marque-produit?post=321914"},{"taxonomy":"collection-produit","embeddable":true,"href":"https:\/\/www.dumoulinbicyclettes.com\/en\/wp-json\/wp\/v2\/collection-produit?post=321914"},{"taxonomy":"type-surface-produit","embeddable":true,"href":"https:\/\/www.dumoulinbicyclettes.com\/en\/wp-json\/wp\/v2\/type-surface-produit?post=321914"},{"taxonomy":"type-velo-produit","embeddable":true,"href":"https:\/\/www.dumoulinbicyclettes.com\/en\/wp-json\/wp\/v2\/type-velo-produit?post=321914"},{"taxonomy":"vetement-produit","embeddable":true,"href":"https:\/\/www.dumoulinbicyclettes.com\/en\/wp-json\/wp\/v2\/vetement-produit?post=321914"},{"taxonomy":"thematique-produit","embeddable":true,"href":"https:\/\/www.dumoulinbicyclettes.com\/en\/wp-json\/wp\/v2\/thematique-produit?post=321914"},{"taxonomy":"position-sur-le-v\u00e9lo","embeddable":true,"href":"https:\/\/www.dumoulinbicyclettes.com\/en\/wp-json\/wp\/v2\/position-sur-le-v\u00e9lo?post=321914"}],"curies":[{"name":"wp","href":"https:\/\/api.w.org\/{rel}","templated":true}]}}