{"id":529907,"date":"2025-01-24T14:09:22","date_gmt":"2025-01-24T19:09:22","guid":{"rendered":"http:\/\/www.dumoulinbicyclettes.com\/?post_type=product&#038;p=529907"},"modified":"2025-10-04T17:01:16","modified_gmt":"2025-10-04T21:01:16","slug":"casque-lazer-tempo-kineticore","status":"publish","type":"product","link":"https:\/\/www.dumoulinbicyclettes.com\/en\/product\/casque-lazer-tempo-kineticore\/","title":{"rendered":"Casque Lazer Tempo Kineticore"},"content":{"rendered":"<p>Bitume, terre ou gravier : vous \u00eates en confiance partout. Le casque Tempo KinetiCore est con\u00e7u pour les cyclistes en qu\u00eate d\u2019un casque \u00e9l\u00e9gant et confortable d\u2019entr\u00e9e de gamme qui saura les accompagner partout sans compromettre sur la protection et la performance.<\/p>\n","protected":false},"excerpt":{"rendered":"<p>Bitume, terre ou gravier : vous \u00eates en confiance partout. Le casque Tempo KinetiCore est con\u00e7u pour les cyclistes en qu\u00eate d\u2019un casque \u00e9l\u00e9gant et confortable d\u2019entr\u00e9e de gamme qui saura les accompagner partout sans compromettre sur la protection et la performance.<\/p>\n","protected":false},"featured_media":529914,"template":"","meta":{"_acf_changed":false},"product_brand":[],"product_cat":[186,185],"product_tag":[2395,3337,2396,3344],"marque-produit":[1393],"collection-produit":[],"type-surface-produit":[],"type-velo-produit":[],"vetement-produit":[],"thematique-produit":[],"position-sur-le-v\u00e9lo":[],"class_list":{"0":"post-529907","1":"product","2":"type-product","3":"status-publish","4":"has-post-thumbnail","6":"product_cat-adultes","7":"product_cat-casques","8":"product_tag-casque","9":"product_tag-kineticore","10":"product_tag-lazer","11":"product_tag-tempo","12":"marque-produit-lazer","14":"first","15":"outofstock","16":"taxable","17":"shipping-taxable","18":"purchasable","19":"product-type-variable"},"acf":[],"yoast_head":"<!-- This site is optimized with the Yoast SEO plugin v27.3 - https:\/\/yoast.com\/product\/yoast-seo-wordpress\/ -->\n<title>Casque Lazer Tempo Kineticore - Dumoulin Bicyclettes<\/title>\n<meta name=\"description\" content=\"Le casque Tempo KinetiCore est con\u00e7u pour les cyclistes en qu\u00eate d\u2019un casque \u00e9l\u00e9gant et confortable d\u2019entr\u00e9e de gamme qui saura les accompagner partout.\" \/>\n<meta name=\"robots\" content=\"index, follow, max-snippet:-1, max-image-preview:large, max-video-preview:-1\" \/>\n<link rel=\"canonical\" href=\"https:\/\/www.dumoulinbicyclettes.com\/produit\/casque-lazer-tempo-kineticore\/\" \/>\n<meta property=\"og:locale\" content=\"en_US\" \/>\n<meta property=\"og:type\" content=\"article\" \/>\n<meta property=\"og:title\" content=\"Casque Lazer Tempo Kineticore - Dumoulin Bicyclettes\" \/>\n<meta property=\"og:description\" content=\"Le casque Tempo KinetiCore est con\u00e7u pour les cyclistes en qu\u00eate d\u2019un casque \u00e9l\u00e9gant et confortable d\u2019entr\u00e9e de gamme qui saura les accompagner partout.\" \/>\n<meta property=\"og:url\" content=\"https:\/\/www.dumoulinbicyclettes.com\/produit\/casque-lazer-tempo-kineticore\/\" \/>\n<meta property=\"og:site_name\" content=\"Dumoulin Bicyclettes\" \/>\n<meta property=\"article:publisher\" content=\"https:\/\/www.facebook.com\/dumoulinbicyclettes\" \/>\n<meta property=\"article:modified_time\" content=\"2025-10-04T21:01:16+00:00\" \/>\n<meta property=\"og:image\" content=\"http:\/\/www.dumoulinbicyclettes.com\/wp-content\/uploads\/2025\/01\/casque-de-velo-lazer-tempo-kineticore-jaune-haute-visibilite.jpg\" \/>\n\t<meta property=\"og:image:width\" content=\"818\" \/>\n\t<meta property=\"og:image:height\" content=\"818\" \/>\n\t<meta property=\"og:image:type\" content=\"image\/jpeg\" \/>\n<meta name=\"twitter:card\" content=\"summary_large_image\" \/>\n<meta name=\"twitter:label1\" content=\"Est. reading time\" \/>\n\t<meta name=\"twitter:data1\" content=\"1 minute\" \/>\n<script type=\"application\/ld+json\" class=\"yoast-schema-graph\">{\"@context\":\"https:\\\/\\\/schema.org\",\"@graph\":[{\"@type\":\"WebPage\",\"@id\":\"https:\\\/\\\/www.dumoulinbicyclettes.com\\\/produit\\\/casque-lazer-tempo-kineticore\\\/\",\"url\":\"https:\\\/\\\/www.dumoulinbicyclettes.com\\\/produit\\\/casque-lazer-tempo-kineticore\\\/\",\"name\":\"Casque Lazer Tempo Kineticore - Dumoulin Bicyclettes\",\"isPartOf\":{\"@id\":\"https:\\\/\\\/www.dumoulinbicyclettes.com\\\/#website\"},\"primaryImageOfPage\":{\"@id\":\"https:\\\/\\\/www.dumoulinbicyclettes.com\\\/produit\\\/casque-lazer-tempo-kineticore\\\/#primaryimage\"},\"image\":{\"@id\":\"https:\\\/\\\/www.dumoulinbicyclettes.com\\\/produit\\\/casque-lazer-tempo-kineticore\\\/#primaryimage\"},\"thumbnailUrl\":\"https:\\\/\\\/www.dumoulinbicyclettes.com\\\/wp-content\\\/uploads\\\/2025\\\/01\\\/casque-de-velo-lazer-tempo-kineticore-jaune-haute-visibilite.jpg\",\"datePublished\":\"2025-01-24T19:09:22+00:00\",\"dateModified\":\"2025-10-04T21:01:16+00:00\",\"description\":\"Le casque Tempo KinetiCore est con\u00e7u pour les cyclistes en qu\u00eate d\u2019un casque \u00e9l\u00e9gant et confortable d\u2019entr\u00e9e de gamme qui saura les accompagner partout.\",\"breadcrumb\":{\"@id\":\"https:\\\/\\\/www.dumoulinbicyclettes.com\\\/produit\\\/casque-lazer-tempo-kineticore\\\/#breadcrumb\"},\"inLanguage\":\"en-US\",\"potentialAction\":[{\"@type\":\"ReadAction\",\"target\":[\"https:\\\/\\\/www.dumoulinbicyclettes.com\\\/produit\\\/casque-lazer-tempo-kineticore\\\/\"]}]},{\"@type\":\"ImageObject\",\"inLanguage\":\"en-US\",\"@id\":\"https:\\\/\\\/www.dumoulinbicyclettes.com\\\/produit\\\/casque-lazer-tempo-kineticore\\\/#primaryimage\",\"url\":\"https:\\\/\\\/www.dumoulinbicyclettes.com\\\/wp-content\\\/uploads\\\/2025\\\/01\\\/casque-de-velo-lazer-tempo-kineticore-jaune-haute-visibilite.jpg\",\"contentUrl\":\"https:\\\/\\\/www.dumoulinbicyclettes.com\\\/wp-content\\\/uploads\\\/2025\\\/01\\\/casque-de-velo-lazer-tempo-kineticore-jaune-haute-visibilite.jpg\",\"width\":818,\"height\":818},{\"@type\":\"BreadcrumbList\",\"@id\":\"https:\\\/\\\/www.dumoulinbicyclettes.com\\\/produit\\\/casque-lazer-tempo-kineticore\\\/#breadcrumb\",\"itemListElement\":[{\"@type\":\"ListItem\",\"position\":1,\"name\":\"Home\",\"item\":\"https:\\\/\\\/www.dumoulinbicyclettes.com\\\/en\\\/\"},{\"@type\":\"ListItem\",\"position\":2,\"name\":\"Shop\",\"item\":\"https:\\\/\\\/www.dumoulinbicyclettes.com\\\/en\\\/shop\\\/\"},{\"@type\":\"ListItem\",\"position\":3,\"name\":\"Casque Lazer Tempo Kineticore\"}]},{\"@type\":\"WebSite\",\"@id\":\"https:\\\/\\\/www.dumoulinbicyclettes.com\\\/#website\",\"url\":\"https:\\\/\\\/www.dumoulinbicyclettes.com\\\/\",\"name\":\"Dumoulin Bicyclettes\",\"description\":\"\",\"publisher\":{\"@id\":\"https:\\\/\\\/www.dumoulinbicyclettes.com\\\/#organization\"},\"potentialAction\":[{\"@type\":\"SearchAction\",\"target\":{\"@type\":\"EntryPoint\",\"urlTemplate\":\"https:\\\/\\\/www.dumoulinbicyclettes.com\\\/?s={search_term_string}\"},\"query-input\":{\"@type\":\"PropertyValueSpecification\",\"valueRequired\":true,\"valueName\":\"search_term_string\"}}],\"inLanguage\":\"en-US\"},{\"@type\":\"Organization\",\"@id\":\"https:\\\/\\\/www.dumoulinbicyclettes.com\\\/#organization\",\"name\":\"Dumoulin Bicyclettes\",\"url\":\"https:\\\/\\\/www.dumoulinbicyclettes.com\\\/\",\"logo\":{\"@type\":\"ImageObject\",\"inLanguage\":\"en-US\",\"@id\":\"https:\\\/\\\/www.dumoulinbicyclettes.com\\\/#\\\/schema\\\/logo\\\/image\\\/\",\"url\":\"https:\\\/\\\/www.dumoulinbicyclettes.com\\\/wp-content\\\/uploads\\\/2021\\\/04\\\/Logo.svg\",\"contentUrl\":\"https:\\\/\\\/www.dumoulinbicyclettes.com\\\/wp-content\\\/uploads\\\/2021\\\/04\\\/Logo.svg\",\"width\":254,\"height\":86,\"caption\":\"Dumoulin Bicyclettes\"},\"image\":{\"@id\":\"https:\\\/\\\/www.dumoulinbicyclettes.com\\\/#\\\/schema\\\/logo\\\/image\\\/\"},\"sameAs\":[\"https:\\\/\\\/www.facebook.com\\\/dumoulinbicyclettes\",\"https:\\\/\\\/www.instagram.com\\\/dumoulin.ca\\\/\",\"https:\\\/\\\/www.youtube.com\\\/user\\\/dumoulinbicyclettes\"]}]}<\/script>\n<!-- \/ Yoast SEO plugin. -->","yoast_head_json":{"title":"Casque Lazer Tempo Kineticore - Dumoulin Bicyclettes","description":"Le casque Tempo KinetiCore est con\u00e7u pour les cyclistes en qu\u00eate d\u2019un casque \u00e9l\u00e9gant et confortable d\u2019entr\u00e9e de gamme qui saura les accompagner partout.","robots":{"index":"index","follow":"follow","max-snippet":"max-snippet:-1","max-image-preview":"max-image-preview:large","max-video-preview":"max-video-preview:-1"},"canonical":"https:\/\/www.dumoulinbicyclettes.com\/produit\/casque-lazer-tempo-kineticore\/","og_locale":"en_US","og_type":"article","og_title":"Casque Lazer Tempo Kineticore - Dumoulin Bicyclettes","og_description":"Le casque Tempo KinetiCore est con\u00e7u pour les cyclistes en qu\u00eate d\u2019un casque \u00e9l\u00e9gant et confortable d\u2019entr\u00e9e de gamme qui saura les accompagner partout.","og_url":"https:\/\/www.dumoulinbicyclettes.com\/produit\/casque-lazer-tempo-kineticore\/","og_site_name":"Dumoulin Bicyclettes","article_publisher":"https:\/\/www.facebook.com\/dumoulinbicyclettes","article_modified_time":"2025-10-04T21:01:16+00:00","og_image":[{"width":818,"height":818,"url":"http:\/\/www.dumoulinbicyclettes.com\/wp-content\/uploads\/2025\/01\/casque-de-velo-lazer-tempo-kineticore-jaune-haute-visibilite.jpg","type":"image\/jpeg"}],"twitter_card":"summary_large_image","twitter_misc":{"Est. reading time":"1 minute"},"schema":{"@context":"https:\/\/schema.org","@graph":[{"@type":"WebPage","@id":"https:\/\/www.dumoulinbicyclettes.com\/produit\/casque-lazer-tempo-kineticore\/","url":"https:\/\/www.dumoulinbicyclettes.com\/produit\/casque-lazer-tempo-kineticore\/","name":"Casque Lazer Tempo Kineticore - Dumoulin Bicyclettes","isPartOf":{"@id":"https:\/\/www.dumoulinbicyclettes.com\/#website"},"primaryImageOfPage":{"@id":"https:\/\/www.dumoulinbicyclettes.com\/produit\/casque-lazer-tempo-kineticore\/#primaryimage"},"image":{"@id":"https:\/\/www.dumoulinbicyclettes.com\/produit\/casque-lazer-tempo-kineticore\/#primaryimage"},"thumbnailUrl":"https:\/\/www.dumoulinbicyclettes.com\/wp-content\/uploads\/2025\/01\/casque-de-velo-lazer-tempo-kineticore-jaune-haute-visibilite.jpg","datePublished":"2025-01-24T19:09:22+00:00","dateModified":"2025-10-04T21:01:16+00:00","description":"Le casque Tempo KinetiCore est con\u00e7u pour les cyclistes en qu\u00eate d\u2019un casque \u00e9l\u00e9gant et confortable d\u2019entr\u00e9e de gamme qui saura les accompagner partout.","breadcrumb":{"@id":"https:\/\/www.dumoulinbicyclettes.com\/produit\/casque-lazer-tempo-kineticore\/#breadcrumb"},"inLanguage":"en-US","potentialAction":[{"@type":"ReadAction","target":["https:\/\/www.dumoulinbicyclettes.com\/produit\/casque-lazer-tempo-kineticore\/"]}]},{"@type":"ImageObject","inLanguage":"en-US","@id":"https:\/\/www.dumoulinbicyclettes.com\/produit\/casque-lazer-tempo-kineticore\/#primaryimage","url":"https:\/\/www.dumoulinbicyclettes.com\/wp-content\/uploads\/2025\/01\/casque-de-velo-lazer-tempo-kineticore-jaune-haute-visibilite.jpg","contentUrl":"https:\/\/www.dumoulinbicyclettes.com\/wp-content\/uploads\/2025\/01\/casque-de-velo-lazer-tempo-kineticore-jaune-haute-visibilite.jpg","width":818,"height":818},{"@type":"BreadcrumbList","@id":"https:\/\/www.dumoulinbicyclettes.com\/produit\/casque-lazer-tempo-kineticore\/#breadcrumb","itemListElement":[{"@type":"ListItem","position":1,"name":"Home","item":"https:\/\/www.dumoulinbicyclettes.com\/en\/"},{"@type":"ListItem","position":2,"name":"Shop","item":"https:\/\/www.dumoulinbicyclettes.com\/en\/shop\/"},{"@type":"ListItem","position":3,"name":"Casque Lazer Tempo Kineticore"}]},{"@type":"WebSite","@id":"https:\/\/www.dumoulinbicyclettes.com\/#website","url":"https:\/\/www.dumoulinbicyclettes.com\/","name":"Dumoulin Bicyclettes","description":"","publisher":{"@id":"https:\/\/www.dumoulinbicyclettes.com\/#organization"},"potentialAction":[{"@type":"SearchAction","target":{"@type":"EntryPoint","urlTemplate":"https:\/\/www.dumoulinbicyclettes.com\/?s={search_term_string}"},"query-input":{"@type":"PropertyValueSpecification","valueRequired":true,"valueName":"search_term_string"}}],"inLanguage":"en-US"},{"@type":"Organization","@id":"https:\/\/www.dumoulinbicyclettes.com\/#organization","name":"Dumoulin Bicyclettes","url":"https:\/\/www.dumoulinbicyclettes.com\/","logo":{"@type":"ImageObject","inLanguage":"en-US","@id":"https:\/\/www.dumoulinbicyclettes.com\/#\/schema\/logo\/image\/","url":"https:\/\/www.dumoulinbicyclettes.com\/wp-content\/uploads\/2021\/04\/Logo.svg","contentUrl":"https:\/\/www.dumoulinbicyclettes.com\/wp-content\/uploads\/2021\/04\/Logo.svg","width":254,"height":86,"caption":"Dumoulin Bicyclettes"},"image":{"@id":"https:\/\/www.dumoulinbicyclettes.com\/#\/schema\/logo\/image\/"},"sameAs":["https:\/\/www.facebook.com\/dumoulinbicyclettes","https:\/\/www.instagram.com\/dumoulin.ca\/","https:\/\/www.youtube.com\/user\/dumoulinbicyclettes"]}]}},"_links":{"self":[{"href":"https:\/\/www.dumoulinbicyclettes.com\/en\/wp-json\/wp\/v2\/product\/529907","targetHints":{"allow":["GET"]}}],"collection":[{"href":"https:\/\/www.dumoulinbicyclettes.com\/en\/wp-json\/wp\/v2\/product"}],"about":[{"href":"https:\/\/www.dumoulinbicyclettes.com\/en\/wp-json\/wp\/v2\/types\/product"}],"wp:featuredmedia":[{"embeddable":true,"href":"https:\/\/www.dumoulinbicyclettes.com\/en\/wp-json\/wp\/v2\/media\/529914"}],"wp:attachment":[{"href":"https:\/\/www.dumoulinbicyclettes.com\/en\/wp-json\/wp\/v2\/media?parent=529907"}],"wp:term":[{"taxonomy":"product_brand","embeddable":true,"href":"https:\/\/www.dumoulinbicyclettes.com\/en\/wp-json\/wp\/v2\/product_brand?post=529907"},{"taxonomy":"product_cat","embeddable":true,"href":"https:\/\/www.dumoulinbicyclettes.com\/en\/wp-json\/wp\/v2\/product_cat?post=529907"},{"taxonomy":"product_tag","embeddable":true,"href":"https:\/\/www.dumoulinbicyclettes.com\/en\/wp-json\/wp\/v2\/product_tag?post=529907"},{"taxonomy":"marque-produit","embeddable":true,"href":"https:\/\/www.dumoulinbicyclettes.com\/en\/wp-json\/wp\/v2\/marque-produit?post=529907"},{"taxonomy":"collection-produit","embeddable":true,"href":"https:\/\/www.dumoulinbicyclettes.com\/en\/wp-json\/wp\/v2\/collection-produit?post=529907"},{"taxonomy":"type-surface-produit","embeddable":true,"href":"https:\/\/www.dumoulinbicyclettes.com\/en\/wp-json\/wp\/v2\/type-surface-produit?post=529907"},{"taxonomy":"type-velo-produit","embeddable":true,"href":"https:\/\/www.dumoulinbicyclettes.com\/en\/wp-json\/wp\/v2\/type-velo-produit?post=529907"},{"taxonomy":"vetement-produit","embeddable":true,"href":"https:\/\/www.dumoulinbicyclettes.com\/en\/wp-json\/wp\/v2\/vetement-produit?post=529907"},{"taxonomy":"thematique-produit","embeddable":true,"href":"https:\/\/www.dumoulinbicyclettes.com\/en\/wp-json\/wp\/v2\/thematique-produit?post=529907"},{"taxonomy":"position-sur-le-v\u00e9lo","embeddable":true,"href":"https:\/\/www.dumoulinbicyclettes.com\/en\/wp-json\/wp\/v2\/position-sur-le-v\u00e9lo?post=529907"}],"curies":[{"name":"wp","href":"https:\/\/api.w.org\/{rel}","templated":true}]}}