{"id":73815,"date":"2022-05-16T14:15:40","date_gmt":"2022-05-16T18:15:40","guid":{"rendered":"http:\/\/www.dumoulinbicyclettes.com\/produit\/garde-boue-axiom-flascheguard\/"},"modified":"2026-02-24T12:52:54","modified_gmt":"2026-02-24T17:52:54","slug":"garde-boue-axiom-flascheguard","status":"publish","type":"product","link":"https:\/\/www.dumoulinbicyclettes.com\/en\/product\/garde-boue-axiom-flascheguard\/","title":{"rendered":"Garde-boue Axiom Flascheguard"},"content":{"rendered":"<p>Ces garde-boue jouent leur r\u00f4le au quotidien : discret et engag\u00e9. Comprenez : des garde-boue doivent \u00eatre solides, doivent avoir une bonne surface de protection des \u00e9claboussures et une longueur suffisante pour <em>vraiment<\/em> vous garder au sec. Ces garde-boue font cela tr\u00e8s bien.<\/p>\n<p>Disponibles dans la plupart des tailles pour les v\u00e9los hybrides &#038; v\u00e9los \u00e9lectriques.<\/p>\n","protected":false},"excerpt":{"rendered":"<p>Ces garde-boue jouent leur r\u00f4le au quotidien : discret et engag\u00e9. Comprenez : des garde-boue doivent \u00eatre solides, doivent avoir une bonne surface de protection des \u00e9claboussures et une longueur suffisante pour vraiment vous garder au sec. Ces garde-boue font cela tr\u00e8s bien. Disponibles dans la plupart des tailles pour les v\u00e9los hybrides &#038; v\u00e9los [&hellip;]<\/p>\n","protected":false},"featured_media":73821,"template":"","meta":{"_acf_changed":false},"product_brand":[],"product_cat":[191],"product_tag":[2313,2310],"marque-produit":[1272],"collection-produit":[],"type-surface-produit":[1244],"type-velo-produit":[1249],"vetement-produit":[],"thematique-produit":[],"position-sur-le-v\u00e9lo":[],"class_list":{"0":"post-73815","1":"product","2":"type-product","3":"status-publish","4":"has-post-thumbnail","6":"product_cat-garde-boue","7":"product_tag-axiom","8":"product_tag-garde-boue","9":"marque-produit-axiom","10":"type-surface-produit-hiver","11":"type-velo-produit-cyclotourisme","13":"first","14":"instock","15":"taxable","16":"shipping-taxable","17":"purchasable","18":"product-type-variable"},"acf":[],"yoast_head":"<!-- This site is optimized with the Yoast SEO plugin v27.3 - https:\/\/yoast.com\/product\/yoast-seo-wordpress\/ -->\n<title>Garde-boue Axiom Flascheguard - Dumoulin Bicyclettes | v\u00e9lo de ville | Montr\u00e9al<\/title>\n<meta name=\"description\" content=\"Alors voil\u00e0 : si vous cherchez des garde-boue qui font bien la job, les Axiom Flascheguard sont l\u00e0 ! Couverture ad\u00e9quate et protection quotidienne. Yeah !\" \/>\n<meta name=\"robots\" content=\"index, follow, max-snippet:-1, max-image-preview:large, max-video-preview:-1\" \/>\n<link rel=\"canonical\" href=\"https:\/\/www.dumoulinbicyclettes.com\/produit\/garde-boue-axiom-flascheguard\/\" \/>\n<meta property=\"og:locale\" content=\"en_US\" \/>\n<meta property=\"og:type\" content=\"article\" \/>\n<meta property=\"og:title\" content=\"Garde-boue Axiom Flascheguard - Dumoulin Bicyclettes | v\u00e9lo de ville | Montr\u00e9al\" \/>\n<meta property=\"og:description\" content=\"Alors voil\u00e0 : si vous cherchez des garde-boue qui font bien la job, les Axiom Flascheguard sont l\u00e0 ! Couverture ad\u00e9quate et protection quotidienne. Yeah !\" \/>\n<meta property=\"og:url\" content=\"https:\/\/www.dumoulinbicyclettes.com\/produit\/garde-boue-axiom-flascheguard\/\" \/>\n<meta property=\"og:site_name\" content=\"Dumoulin Bicyclettes\" \/>\n<meta property=\"article:publisher\" content=\"https:\/\/www.facebook.com\/dumoulinbicyclettes\" \/>\n<meta property=\"article:modified_time\" content=\"2026-02-24T17:52:54+00:00\" \/>\n<meta property=\"og:image\" content=\"http:\/\/www.dumoulinbicyclettes.com\/wp-content\/uploads\/2022\/05\/48af21d0-2ae8-4746-9510-db61bba3bee7-1.png\" \/>\n\t<meta property=\"og:image:width\" content=\"1024\" \/>\n\t<meta property=\"og:image:height\" content=\"1010\" \/>\n\t<meta property=\"og:image:type\" content=\"image\/png\" \/>\n<meta name=\"twitter:card\" content=\"summary_large_image\" \/>\n<meta name=\"twitter:label1\" content=\"Est. reading time\" \/>\n\t<meta name=\"twitter:data1\" content=\"1 minute\" \/>\n<script type=\"application\/ld+json\" class=\"yoast-schema-graph\">{\"@context\":\"https:\\\/\\\/schema.org\",\"@graph\":[{\"@type\":\"WebPage\",\"@id\":\"https:\\\/\\\/www.dumoulinbicyclettes.com\\\/produit\\\/garde-boue-axiom-flascheguard\\\/\",\"url\":\"https:\\\/\\\/www.dumoulinbicyclettes.com\\\/produit\\\/garde-boue-axiom-flascheguard\\\/\",\"name\":\"Garde-boue Axiom Flascheguard - Dumoulin Bicyclettes | v\u00e9lo de ville | Montr\u00e9al\",\"isPartOf\":{\"@id\":\"https:\\\/\\\/www.dumoulinbicyclettes.com\\\/#website\"},\"primaryImageOfPage\":{\"@id\":\"https:\\\/\\\/www.dumoulinbicyclettes.com\\\/produit\\\/garde-boue-axiom-flascheguard\\\/#primaryimage\"},\"image\":{\"@id\":\"https:\\\/\\\/www.dumoulinbicyclettes.com\\\/produit\\\/garde-boue-axiom-flascheguard\\\/#primaryimage\"},\"thumbnailUrl\":\"https:\\\/\\\/www.dumoulinbicyclettes.com\\\/wp-content\\\/uploads\\\/2022\\\/05\\\/48af21d0-2ae8-4746-9510-db61bba3bee7-1.png\",\"datePublished\":\"2022-05-16T18:15:40+00:00\",\"dateModified\":\"2026-02-24T17:52:54+00:00\",\"description\":\"Alors voil\u00e0 : si vous cherchez des garde-boue qui font bien la job, les Axiom Flascheguard sont l\u00e0 ! Couverture ad\u00e9quate et protection quotidienne. Yeah !\",\"breadcrumb\":{\"@id\":\"https:\\\/\\\/www.dumoulinbicyclettes.com\\\/produit\\\/garde-boue-axiom-flascheguard\\\/#breadcrumb\"},\"inLanguage\":\"en-US\",\"potentialAction\":[{\"@type\":\"ReadAction\",\"target\":[\"https:\\\/\\\/www.dumoulinbicyclettes.com\\\/produit\\\/garde-boue-axiom-flascheguard\\\/\"]}]},{\"@type\":\"ImageObject\",\"inLanguage\":\"en-US\",\"@id\":\"https:\\\/\\\/www.dumoulinbicyclettes.com\\\/produit\\\/garde-boue-axiom-flascheguard\\\/#primaryimage\",\"url\":\"https:\\\/\\\/www.dumoulinbicyclettes.com\\\/wp-content\\\/uploads\\\/2022\\\/05\\\/48af21d0-2ae8-4746-9510-db61bba3bee7-1.png\",\"contentUrl\":\"https:\\\/\\\/www.dumoulinbicyclettes.com\\\/wp-content\\\/uploads\\\/2022\\\/05\\\/48af21d0-2ae8-4746-9510-db61bba3bee7-1.png\",\"width\":1024,\"height\":1010},{\"@type\":\"BreadcrumbList\",\"@id\":\"https:\\\/\\\/www.dumoulinbicyclettes.com\\\/produit\\\/garde-boue-axiom-flascheguard\\\/#breadcrumb\",\"itemListElement\":[{\"@type\":\"ListItem\",\"position\":1,\"name\":\"Home\",\"item\":\"https:\\\/\\\/www.dumoulinbicyclettes.com\\\/en\\\/\"},{\"@type\":\"ListItem\",\"position\":2,\"name\":\"Shop\",\"item\":\"https:\\\/\\\/www.dumoulinbicyclettes.com\\\/en\\\/shop\\\/\"},{\"@type\":\"ListItem\",\"position\":3,\"name\":\"Garde-boue Axiom Flascheguard\"}]},{\"@type\":\"WebSite\",\"@id\":\"https:\\\/\\\/www.dumoulinbicyclettes.com\\\/#website\",\"url\":\"https:\\\/\\\/www.dumoulinbicyclettes.com\\\/\",\"name\":\"Dumoulin Bicyclettes\",\"description\":\"\",\"publisher\":{\"@id\":\"https:\\\/\\\/www.dumoulinbicyclettes.com\\\/#organization\"},\"potentialAction\":[{\"@type\":\"SearchAction\",\"target\":{\"@type\":\"EntryPoint\",\"urlTemplate\":\"https:\\\/\\\/www.dumoulinbicyclettes.com\\\/?s={search_term_string}\"},\"query-input\":{\"@type\":\"PropertyValueSpecification\",\"valueRequired\":true,\"valueName\":\"search_term_string\"}}],\"inLanguage\":\"en-US\"},{\"@type\":\"Organization\",\"@id\":\"https:\\\/\\\/www.dumoulinbicyclettes.com\\\/#organization\",\"name\":\"Dumoulin Bicyclettes\",\"url\":\"https:\\\/\\\/www.dumoulinbicyclettes.com\\\/\",\"logo\":{\"@type\":\"ImageObject\",\"inLanguage\":\"en-US\",\"@id\":\"https:\\\/\\\/www.dumoulinbicyclettes.com\\\/#\\\/schema\\\/logo\\\/image\\\/\",\"url\":\"https:\\\/\\\/www.dumoulinbicyclettes.com\\\/wp-content\\\/uploads\\\/2021\\\/04\\\/Logo.svg\",\"contentUrl\":\"https:\\\/\\\/www.dumoulinbicyclettes.com\\\/wp-content\\\/uploads\\\/2021\\\/04\\\/Logo.svg\",\"width\":254,\"height\":86,\"caption\":\"Dumoulin Bicyclettes\"},\"image\":{\"@id\":\"https:\\\/\\\/www.dumoulinbicyclettes.com\\\/#\\\/schema\\\/logo\\\/image\\\/\"},\"sameAs\":[\"https:\\\/\\\/www.facebook.com\\\/dumoulinbicyclettes\",\"https:\\\/\\\/www.instagram.com\\\/dumoulin.ca\\\/\",\"https:\\\/\\\/www.youtube.com\\\/user\\\/dumoulinbicyclettes\"]}]}<\/script>\n<!-- \/ Yoast SEO plugin. -->","yoast_head_json":{"title":"Garde-boue Axiom Flascheguard - Dumoulin Bicyclettes | v\u00e9lo de ville | Montr\u00e9al","description":"Alors voil\u00e0 : si vous cherchez des garde-boue qui font bien la job, les Axiom Flascheguard sont l\u00e0 ! Couverture ad\u00e9quate et protection quotidienne. Yeah !","robots":{"index":"index","follow":"follow","max-snippet":"max-snippet:-1","max-image-preview":"max-image-preview:large","max-video-preview":"max-video-preview:-1"},"canonical":"https:\/\/www.dumoulinbicyclettes.com\/produit\/garde-boue-axiom-flascheguard\/","og_locale":"en_US","og_type":"article","og_title":"Garde-boue Axiom Flascheguard - Dumoulin Bicyclettes | v\u00e9lo de ville | Montr\u00e9al","og_description":"Alors voil\u00e0 : si vous cherchez des garde-boue qui font bien la job, les Axiom Flascheguard sont l\u00e0 ! Couverture ad\u00e9quate et protection quotidienne. Yeah !","og_url":"https:\/\/www.dumoulinbicyclettes.com\/produit\/garde-boue-axiom-flascheguard\/","og_site_name":"Dumoulin Bicyclettes","article_publisher":"https:\/\/www.facebook.com\/dumoulinbicyclettes","article_modified_time":"2026-02-24T17:52:54+00:00","og_image":[{"width":1024,"height":1010,"url":"http:\/\/www.dumoulinbicyclettes.com\/wp-content\/uploads\/2022\/05\/48af21d0-2ae8-4746-9510-db61bba3bee7-1.png","type":"image\/png"}],"twitter_card":"summary_large_image","twitter_misc":{"Est. reading time":"1 minute"},"schema":{"@context":"https:\/\/schema.org","@graph":[{"@type":"WebPage","@id":"https:\/\/www.dumoulinbicyclettes.com\/produit\/garde-boue-axiom-flascheguard\/","url":"https:\/\/www.dumoulinbicyclettes.com\/produit\/garde-boue-axiom-flascheguard\/","name":"Garde-boue Axiom Flascheguard - Dumoulin Bicyclettes | v\u00e9lo de ville | Montr\u00e9al","isPartOf":{"@id":"https:\/\/www.dumoulinbicyclettes.com\/#website"},"primaryImageOfPage":{"@id":"https:\/\/www.dumoulinbicyclettes.com\/produit\/garde-boue-axiom-flascheguard\/#primaryimage"},"image":{"@id":"https:\/\/www.dumoulinbicyclettes.com\/produit\/garde-boue-axiom-flascheguard\/#primaryimage"},"thumbnailUrl":"https:\/\/www.dumoulinbicyclettes.com\/wp-content\/uploads\/2022\/05\/48af21d0-2ae8-4746-9510-db61bba3bee7-1.png","datePublished":"2022-05-16T18:15:40+00:00","dateModified":"2026-02-24T17:52:54+00:00","description":"Alors voil\u00e0 : si vous cherchez des garde-boue qui font bien la job, les Axiom Flascheguard sont l\u00e0 ! Couverture ad\u00e9quate et protection quotidienne. Yeah !","breadcrumb":{"@id":"https:\/\/www.dumoulinbicyclettes.com\/produit\/garde-boue-axiom-flascheguard\/#breadcrumb"},"inLanguage":"en-US","potentialAction":[{"@type":"ReadAction","target":["https:\/\/www.dumoulinbicyclettes.com\/produit\/garde-boue-axiom-flascheguard\/"]}]},{"@type":"ImageObject","inLanguage":"en-US","@id":"https:\/\/www.dumoulinbicyclettes.com\/produit\/garde-boue-axiom-flascheguard\/#primaryimage","url":"https:\/\/www.dumoulinbicyclettes.com\/wp-content\/uploads\/2022\/05\/48af21d0-2ae8-4746-9510-db61bba3bee7-1.png","contentUrl":"https:\/\/www.dumoulinbicyclettes.com\/wp-content\/uploads\/2022\/05\/48af21d0-2ae8-4746-9510-db61bba3bee7-1.png","width":1024,"height":1010},{"@type":"BreadcrumbList","@id":"https:\/\/www.dumoulinbicyclettes.com\/produit\/garde-boue-axiom-flascheguard\/#breadcrumb","itemListElement":[{"@type":"ListItem","position":1,"name":"Home","item":"https:\/\/www.dumoulinbicyclettes.com\/en\/"},{"@type":"ListItem","position":2,"name":"Shop","item":"https:\/\/www.dumoulinbicyclettes.com\/en\/shop\/"},{"@type":"ListItem","position":3,"name":"Garde-boue Axiom Flascheguard"}]},{"@type":"WebSite","@id":"https:\/\/www.dumoulinbicyclettes.com\/#website","url":"https:\/\/www.dumoulinbicyclettes.com\/","name":"Dumoulin Bicyclettes","description":"","publisher":{"@id":"https:\/\/www.dumoulinbicyclettes.com\/#organization"},"potentialAction":[{"@type":"SearchAction","target":{"@type":"EntryPoint","urlTemplate":"https:\/\/www.dumoulinbicyclettes.com\/?s={search_term_string}"},"query-input":{"@type":"PropertyValueSpecification","valueRequired":true,"valueName":"search_term_string"}}],"inLanguage":"en-US"},{"@type":"Organization","@id":"https:\/\/www.dumoulinbicyclettes.com\/#organization","name":"Dumoulin Bicyclettes","url":"https:\/\/www.dumoulinbicyclettes.com\/","logo":{"@type":"ImageObject","inLanguage":"en-US","@id":"https:\/\/www.dumoulinbicyclettes.com\/#\/schema\/logo\/image\/","url":"https:\/\/www.dumoulinbicyclettes.com\/wp-content\/uploads\/2021\/04\/Logo.svg","contentUrl":"https:\/\/www.dumoulinbicyclettes.com\/wp-content\/uploads\/2021\/04\/Logo.svg","width":254,"height":86,"caption":"Dumoulin Bicyclettes"},"image":{"@id":"https:\/\/www.dumoulinbicyclettes.com\/#\/schema\/logo\/image\/"},"sameAs":["https:\/\/www.facebook.com\/dumoulinbicyclettes","https:\/\/www.instagram.com\/dumoulin.ca\/","https:\/\/www.youtube.com\/user\/dumoulinbicyclettes"]}]}},"_links":{"self":[{"href":"https:\/\/www.dumoulinbicyclettes.com\/en\/wp-json\/wp\/v2\/product\/73815","targetHints":{"allow":["GET"]}}],"collection":[{"href":"https:\/\/www.dumoulinbicyclettes.com\/en\/wp-json\/wp\/v2\/product"}],"about":[{"href":"https:\/\/www.dumoulinbicyclettes.com\/en\/wp-json\/wp\/v2\/types\/product"}],"wp:featuredmedia":[{"embeddable":true,"href":"https:\/\/www.dumoulinbicyclettes.com\/en\/wp-json\/wp\/v2\/media\/73821"}],"wp:attachment":[{"href":"https:\/\/www.dumoulinbicyclettes.com\/en\/wp-json\/wp\/v2\/media?parent=73815"}],"wp:term":[{"taxonomy":"product_brand","embeddable":true,"href":"https:\/\/www.dumoulinbicyclettes.com\/en\/wp-json\/wp\/v2\/product_brand?post=73815"},{"taxonomy":"product_cat","embeddable":true,"href":"https:\/\/www.dumoulinbicyclettes.com\/en\/wp-json\/wp\/v2\/product_cat?post=73815"},{"taxonomy":"product_tag","embeddable":true,"href":"https:\/\/www.dumoulinbicyclettes.com\/en\/wp-json\/wp\/v2\/product_tag?post=73815"},{"taxonomy":"marque-produit","embeddable":true,"href":"https:\/\/www.dumoulinbicyclettes.com\/en\/wp-json\/wp\/v2\/marque-produit?post=73815"},{"taxonomy":"collection-produit","embeddable":true,"href":"https:\/\/www.dumoulinbicyclettes.com\/en\/wp-json\/wp\/v2\/collection-produit?post=73815"},{"taxonomy":"type-surface-produit","embeddable":true,"href":"https:\/\/www.dumoulinbicyclettes.com\/en\/wp-json\/wp\/v2\/type-surface-produit?post=73815"},{"taxonomy":"type-velo-produit","embeddable":true,"href":"https:\/\/www.dumoulinbicyclettes.com\/en\/wp-json\/wp\/v2\/type-velo-produit?post=73815"},{"taxonomy":"vetement-produit","embeddable":true,"href":"https:\/\/www.dumoulinbicyclettes.com\/en\/wp-json\/wp\/v2\/vetement-produit?post=73815"},{"taxonomy":"thematique-produit","embeddable":true,"href":"https:\/\/www.dumoulinbicyclettes.com\/en\/wp-json\/wp\/v2\/thematique-produit?post=73815"},{"taxonomy":"position-sur-le-v\u00e9lo","embeddable":true,"href":"https:\/\/www.dumoulinbicyclettes.com\/en\/wp-json\/wp\/v2\/position-sur-le-v\u00e9lo?post=73815"}],"curies":[{"name":"wp","href":"https:\/\/api.w.org\/{rel}","templated":true}]}}