{"id":96238,"date":"2022-06-02T16:29:43","date_gmt":"2022-06-02T20:29:43","guid":{"rendered":"http:\/\/www.dumoulinbicyclettes.com\/?post_type=product&#038;p=96238"},"modified":"2025-10-21T19:00:49","modified_gmt":"2025-10-21T23:00:49","slug":"trek-verve-1","status":"publish","type":"product","link":"https:\/\/www.dumoulinbicyclettes.com\/en\/product\/trek-verve-1\/","title":{"rendered":"Trek Verve 1 Gen 3 [2024]"},"content":{"rendered":"<p>Le Trek Verve 1 est un v\u00e9lo hybride confortable et bien pens\u00e9. Agr\u00e9able, il est le compagnon de vos randonn\u00e9es sur pistes cyclables comme de vos petits trajets quotidiens.<\/p>\n","protected":false},"excerpt":{"rendered":"<p>Le Trek Verve 1 est un v\u00e9lo hybride confortable et bien pens\u00e9. Agr\u00e9able, il est le compagnon de vos randonn\u00e9es sur pistes cyclables comme de vos petits trajets quotidiens.<\/p>\n","protected":false},"featured_media":96243,"template":"","meta":{"_acf_changed":false},"product_brand":[],"product_cat":[172,161,1217],"product_tag":[2285,2194,2195],"marque-produit":[1277],"collection-produit":[],"type-surface-produit":[],"type-velo-produit":[1252,2166],"vetement-produit":[],"thematique-produit":[],"position-sur-le-v\u00e9lo":[],"class_list":{"0":"post-96238","1":"product","2":"type-product","3":"status-publish","4":"has-post-thumbnail","6":"product_cat-hybrides-confort","7":"product_cat-velos","8":"product_cat-velos-hybrides","9":"product_tag-hybride","10":"product_tag-trek","11":"product_tag-verve","12":"marque-produit-trek","13":"type-velo-produit-hybrides","14":"type-velo-produit-hybrides-en","16":"first","17":"outofstock","18":"sale","19":"taxable","20":"shipping-taxable","21":"purchasable","22":"product-type-variable"},"acf":[],"yoast_head":"<!-- This site is optimized with the Yoast SEO plugin v27.3 - https:\/\/yoast.com\/product\/yoast-seo-wordpress\/ -->\n<title>Trek Verve 1 Gen 3 [2024] - Dumoulin Bicyclettes<\/title>\n<meta name=\"description\" content=\"Le Trek Verve 1 est un v\u00e9lo hybride confortable et bien pens\u00e9. Agr\u00e9able, il est le compagnon de vos randonn\u00e9es sur pistes cyclables comme de vos petits trajets quotidiens.\" \/>\n<meta name=\"robots\" content=\"index, follow, max-snippet:-1, max-image-preview:large, max-video-preview:-1\" \/>\n<link rel=\"canonical\" href=\"https:\/\/www.dumoulinbicyclettes.com\/produit\/trek-verve-1\/\" \/>\n<meta property=\"og:locale\" content=\"en_US\" \/>\n<meta property=\"og:type\" content=\"article\" \/>\n<meta property=\"og:title\" content=\"Trek Verve 1 Gen 3 [2024] - Dumoulin Bicyclettes\" \/>\n<meta property=\"og:description\" content=\"Le Trek Verve 1 est un v\u00e9lo hybride confortable et bien pens\u00e9. Agr\u00e9able, il est le compagnon de vos randonn\u00e9es sur pistes cyclables comme de vos petits trajets quotidiens.\" \/>\n<meta property=\"og:url\" content=\"https:\/\/www.dumoulinbicyclettes.com\/produit\/trek-verve-1\/\" \/>\n<meta property=\"og:site_name\" content=\"Dumoulin Bicyclettes\" \/>\n<meta property=\"article:publisher\" content=\"https:\/\/www.facebook.com\/dumoulinbicyclettes\" \/>\n<meta property=\"article:modified_time\" content=\"2025-10-21T23:00:49+00:00\" \/>\n<meta property=\"og:image\" content=\"http:\/\/www.dumoulinbicyclettes.com\/wp-content\/uploads\/2022\/06\/0b60f63f-0004-4da2-b260-76c3735e5fd8.jpeg\" \/>\n\t<meta property=\"og:image:width\" content=\"1024\" \/>\n\t<meta property=\"og:image:height\" content=\"768\" \/>\n\t<meta property=\"og:image:type\" content=\"image\/jpeg\" \/>\n<meta name=\"twitter:card\" content=\"summary_large_image\" \/>\n<meta name=\"twitter:label1\" content=\"Est. reading time\" \/>\n\t<meta name=\"twitter:data1\" content=\"1 minute\" \/>\n<script type=\"application\/ld+json\" class=\"yoast-schema-graph\">{\"@context\":\"https:\\\/\\\/schema.org\",\"@graph\":[{\"@type\":\"WebPage\",\"@id\":\"https:\\\/\\\/www.dumoulinbicyclettes.com\\\/produit\\\/trek-verve-1\\\/\",\"url\":\"https:\\\/\\\/www.dumoulinbicyclettes.com\\\/produit\\\/trek-verve-1\\\/\",\"name\":\"Trek Verve 1 Gen 3 [2024] - Dumoulin Bicyclettes\",\"isPartOf\":{\"@id\":\"https:\\\/\\\/www.dumoulinbicyclettes.com\\\/#website\"},\"primaryImageOfPage\":{\"@id\":\"https:\\\/\\\/www.dumoulinbicyclettes.com\\\/produit\\\/trek-verve-1\\\/#primaryimage\"},\"image\":{\"@id\":\"https:\\\/\\\/www.dumoulinbicyclettes.com\\\/produit\\\/trek-verve-1\\\/#primaryimage\"},\"thumbnailUrl\":\"https:\\\/\\\/www.dumoulinbicyclettes.com\\\/wp-content\\\/uploads\\\/2022\\\/06\\\/0b60f63f-0004-4da2-b260-76c3735e5fd8.jpeg\",\"datePublished\":\"2022-06-02T20:29:43+00:00\",\"dateModified\":\"2025-10-21T23:00:49+00:00\",\"description\":\"Le Trek Verve 1 est un v\u00e9lo hybride confortable et bien pens\u00e9. Agr\u00e9able, il est le compagnon de vos randonn\u00e9es sur pistes cyclables comme de vos petits trajets quotidiens.\",\"breadcrumb\":{\"@id\":\"https:\\\/\\\/www.dumoulinbicyclettes.com\\\/produit\\\/trek-verve-1\\\/#breadcrumb\"},\"inLanguage\":\"en-US\",\"potentialAction\":[{\"@type\":\"ReadAction\",\"target\":[\"https:\\\/\\\/www.dumoulinbicyclettes.com\\\/produit\\\/trek-verve-1\\\/\"]}]},{\"@type\":\"ImageObject\",\"inLanguage\":\"en-US\",\"@id\":\"https:\\\/\\\/www.dumoulinbicyclettes.com\\\/produit\\\/trek-verve-1\\\/#primaryimage\",\"url\":\"https:\\\/\\\/www.dumoulinbicyclettes.com\\\/wp-content\\\/uploads\\\/2022\\\/06\\\/0b60f63f-0004-4da2-b260-76c3735e5fd8.jpeg\",\"contentUrl\":\"https:\\\/\\\/www.dumoulinbicyclettes.com\\\/wp-content\\\/uploads\\\/2022\\\/06\\\/0b60f63f-0004-4da2-b260-76c3735e5fd8.jpeg\",\"width\":1024,\"height\":768},{\"@type\":\"BreadcrumbList\",\"@id\":\"https:\\\/\\\/www.dumoulinbicyclettes.com\\\/produit\\\/trek-verve-1\\\/#breadcrumb\",\"itemListElement\":[{\"@type\":\"ListItem\",\"position\":1,\"name\":\"Home\",\"item\":\"https:\\\/\\\/www.dumoulinbicyclettes.com\\\/en\\\/\"},{\"@type\":\"ListItem\",\"position\":2,\"name\":\"Shop\",\"item\":\"https:\\\/\\\/www.dumoulinbicyclettes.com\\\/en\\\/shop\\\/\"},{\"@type\":\"ListItem\",\"position\":3,\"name\":\"Trek Verve 1 Gen 3 [2024]\"}]},{\"@type\":\"WebSite\",\"@id\":\"https:\\\/\\\/www.dumoulinbicyclettes.com\\\/#website\",\"url\":\"https:\\\/\\\/www.dumoulinbicyclettes.com\\\/\",\"name\":\"Dumoulin Bicyclettes\",\"description\":\"\",\"publisher\":{\"@id\":\"https:\\\/\\\/www.dumoulinbicyclettes.com\\\/#organization\"},\"potentialAction\":[{\"@type\":\"SearchAction\",\"target\":{\"@type\":\"EntryPoint\",\"urlTemplate\":\"https:\\\/\\\/www.dumoulinbicyclettes.com\\\/?s={search_term_string}\"},\"query-input\":{\"@type\":\"PropertyValueSpecification\",\"valueRequired\":true,\"valueName\":\"search_term_string\"}}],\"inLanguage\":\"en-US\"},{\"@type\":\"Organization\",\"@id\":\"https:\\\/\\\/www.dumoulinbicyclettes.com\\\/#organization\",\"name\":\"Dumoulin Bicyclettes\",\"url\":\"https:\\\/\\\/www.dumoulinbicyclettes.com\\\/\",\"logo\":{\"@type\":\"ImageObject\",\"inLanguage\":\"en-US\",\"@id\":\"https:\\\/\\\/www.dumoulinbicyclettes.com\\\/#\\\/schema\\\/logo\\\/image\\\/\",\"url\":\"https:\\\/\\\/www.dumoulinbicyclettes.com\\\/wp-content\\\/uploads\\\/2021\\\/04\\\/Logo.svg\",\"contentUrl\":\"https:\\\/\\\/www.dumoulinbicyclettes.com\\\/wp-content\\\/uploads\\\/2021\\\/04\\\/Logo.svg\",\"width\":254,\"height\":86,\"caption\":\"Dumoulin Bicyclettes\"},\"image\":{\"@id\":\"https:\\\/\\\/www.dumoulinbicyclettes.com\\\/#\\\/schema\\\/logo\\\/image\\\/\"},\"sameAs\":[\"https:\\\/\\\/www.facebook.com\\\/dumoulinbicyclettes\",\"https:\\\/\\\/www.instagram.com\\\/dumoulin.ca\\\/\",\"https:\\\/\\\/www.youtube.com\\\/user\\\/dumoulinbicyclettes\"]}]}<\/script>\n<!-- \/ Yoast SEO plugin. -->","yoast_head_json":{"title":"Trek Verve 1 Gen 3 [2024] - Dumoulin Bicyclettes","description":"Le Trek Verve 1 est un v\u00e9lo hybride confortable et bien pens\u00e9. Agr\u00e9able, il est le compagnon de vos randonn\u00e9es sur pistes cyclables comme de vos petits trajets quotidiens.","robots":{"index":"index","follow":"follow","max-snippet":"max-snippet:-1","max-image-preview":"max-image-preview:large","max-video-preview":"max-video-preview:-1"},"canonical":"https:\/\/www.dumoulinbicyclettes.com\/produit\/trek-verve-1\/","og_locale":"en_US","og_type":"article","og_title":"Trek Verve 1 Gen 3 [2024] - Dumoulin Bicyclettes","og_description":"Le Trek Verve 1 est un v\u00e9lo hybride confortable et bien pens\u00e9. Agr\u00e9able, il est le compagnon de vos randonn\u00e9es sur pistes cyclables comme de vos petits trajets quotidiens.","og_url":"https:\/\/www.dumoulinbicyclettes.com\/produit\/trek-verve-1\/","og_site_name":"Dumoulin Bicyclettes","article_publisher":"https:\/\/www.facebook.com\/dumoulinbicyclettes","article_modified_time":"2025-10-21T23:00:49+00:00","og_image":[{"width":1024,"height":768,"url":"http:\/\/www.dumoulinbicyclettes.com\/wp-content\/uploads\/2022\/06\/0b60f63f-0004-4da2-b260-76c3735e5fd8.jpeg","type":"image\/jpeg"}],"twitter_card":"summary_large_image","twitter_misc":{"Est. reading time":"1 minute"},"schema":{"@context":"https:\/\/schema.org","@graph":[{"@type":"WebPage","@id":"https:\/\/www.dumoulinbicyclettes.com\/produit\/trek-verve-1\/","url":"https:\/\/www.dumoulinbicyclettes.com\/produit\/trek-verve-1\/","name":"Trek Verve 1 Gen 3 [2024] - Dumoulin Bicyclettes","isPartOf":{"@id":"https:\/\/www.dumoulinbicyclettes.com\/#website"},"primaryImageOfPage":{"@id":"https:\/\/www.dumoulinbicyclettes.com\/produit\/trek-verve-1\/#primaryimage"},"image":{"@id":"https:\/\/www.dumoulinbicyclettes.com\/produit\/trek-verve-1\/#primaryimage"},"thumbnailUrl":"https:\/\/www.dumoulinbicyclettes.com\/wp-content\/uploads\/2022\/06\/0b60f63f-0004-4da2-b260-76c3735e5fd8.jpeg","datePublished":"2022-06-02T20:29:43+00:00","dateModified":"2025-10-21T23:00:49+00:00","description":"Le Trek Verve 1 est un v\u00e9lo hybride confortable et bien pens\u00e9. Agr\u00e9able, il est le compagnon de vos randonn\u00e9es sur pistes cyclables comme de vos petits trajets quotidiens.","breadcrumb":{"@id":"https:\/\/www.dumoulinbicyclettes.com\/produit\/trek-verve-1\/#breadcrumb"},"inLanguage":"en-US","potentialAction":[{"@type":"ReadAction","target":["https:\/\/www.dumoulinbicyclettes.com\/produit\/trek-verve-1\/"]}]},{"@type":"ImageObject","inLanguage":"en-US","@id":"https:\/\/www.dumoulinbicyclettes.com\/produit\/trek-verve-1\/#primaryimage","url":"https:\/\/www.dumoulinbicyclettes.com\/wp-content\/uploads\/2022\/06\/0b60f63f-0004-4da2-b260-76c3735e5fd8.jpeg","contentUrl":"https:\/\/www.dumoulinbicyclettes.com\/wp-content\/uploads\/2022\/06\/0b60f63f-0004-4da2-b260-76c3735e5fd8.jpeg","width":1024,"height":768},{"@type":"BreadcrumbList","@id":"https:\/\/www.dumoulinbicyclettes.com\/produit\/trek-verve-1\/#breadcrumb","itemListElement":[{"@type":"ListItem","position":1,"name":"Home","item":"https:\/\/www.dumoulinbicyclettes.com\/en\/"},{"@type":"ListItem","position":2,"name":"Shop","item":"https:\/\/www.dumoulinbicyclettes.com\/en\/shop\/"},{"@type":"ListItem","position":3,"name":"Trek Verve 1 Gen 3 [2024]"}]},{"@type":"WebSite","@id":"https:\/\/www.dumoulinbicyclettes.com\/#website","url":"https:\/\/www.dumoulinbicyclettes.com\/","name":"Dumoulin Bicyclettes","description":"","publisher":{"@id":"https:\/\/www.dumoulinbicyclettes.com\/#organization"},"potentialAction":[{"@type":"SearchAction","target":{"@type":"EntryPoint","urlTemplate":"https:\/\/www.dumoulinbicyclettes.com\/?s={search_term_string}"},"query-input":{"@type":"PropertyValueSpecification","valueRequired":true,"valueName":"search_term_string"}}],"inLanguage":"en-US"},{"@type":"Organization","@id":"https:\/\/www.dumoulinbicyclettes.com\/#organization","name":"Dumoulin Bicyclettes","url":"https:\/\/www.dumoulinbicyclettes.com\/","logo":{"@type":"ImageObject","inLanguage":"en-US","@id":"https:\/\/www.dumoulinbicyclettes.com\/#\/schema\/logo\/image\/","url":"https:\/\/www.dumoulinbicyclettes.com\/wp-content\/uploads\/2021\/04\/Logo.svg","contentUrl":"https:\/\/www.dumoulinbicyclettes.com\/wp-content\/uploads\/2021\/04\/Logo.svg","width":254,"height":86,"caption":"Dumoulin Bicyclettes"},"image":{"@id":"https:\/\/www.dumoulinbicyclettes.com\/#\/schema\/logo\/image\/"},"sameAs":["https:\/\/www.facebook.com\/dumoulinbicyclettes","https:\/\/www.instagram.com\/dumoulin.ca\/","https:\/\/www.youtube.com\/user\/dumoulinbicyclettes"]}]}},"_links":{"self":[{"href":"https:\/\/www.dumoulinbicyclettes.com\/en\/wp-json\/wp\/v2\/product\/96238","targetHints":{"allow":["GET"]}}],"collection":[{"href":"https:\/\/www.dumoulinbicyclettes.com\/en\/wp-json\/wp\/v2\/product"}],"about":[{"href":"https:\/\/www.dumoulinbicyclettes.com\/en\/wp-json\/wp\/v2\/types\/product"}],"wp:featuredmedia":[{"embeddable":true,"href":"https:\/\/www.dumoulinbicyclettes.com\/en\/wp-json\/wp\/v2\/media\/96243"}],"wp:attachment":[{"href":"https:\/\/www.dumoulinbicyclettes.com\/en\/wp-json\/wp\/v2\/media?parent=96238"}],"wp:term":[{"taxonomy":"product_brand","embeddable":true,"href":"https:\/\/www.dumoulinbicyclettes.com\/en\/wp-json\/wp\/v2\/product_brand?post=96238"},{"taxonomy":"product_cat","embeddable":true,"href":"https:\/\/www.dumoulinbicyclettes.com\/en\/wp-json\/wp\/v2\/product_cat?post=96238"},{"taxonomy":"product_tag","embeddable":true,"href":"https:\/\/www.dumoulinbicyclettes.com\/en\/wp-json\/wp\/v2\/product_tag?post=96238"},{"taxonomy":"marque-produit","embeddable":true,"href":"https:\/\/www.dumoulinbicyclettes.com\/en\/wp-json\/wp\/v2\/marque-produit?post=96238"},{"taxonomy":"collection-produit","embeddable":true,"href":"https:\/\/www.dumoulinbicyclettes.com\/en\/wp-json\/wp\/v2\/collection-produit?post=96238"},{"taxonomy":"type-surface-produit","embeddable":true,"href":"https:\/\/www.dumoulinbicyclettes.com\/en\/wp-json\/wp\/v2\/type-surface-produit?post=96238"},{"taxonomy":"type-velo-produit","embeddable":true,"href":"https:\/\/www.dumoulinbicyclettes.com\/en\/wp-json\/wp\/v2\/type-velo-produit?post=96238"},{"taxonomy":"vetement-produit","embeddable":true,"href":"https:\/\/www.dumoulinbicyclettes.com\/en\/wp-json\/wp\/v2\/vetement-produit?post=96238"},{"taxonomy":"thematique-produit","embeddable":true,"href":"https:\/\/www.dumoulinbicyclettes.com\/en\/wp-json\/wp\/v2\/thematique-produit?post=96238"},{"taxonomy":"position-sur-le-v\u00e9lo","embeddable":true,"href":"https:\/\/www.dumoulinbicyclettes.com\/en\/wp-json\/wp\/v2\/position-sur-le-v\u00e9lo?post=96238"}],"curies":[{"name":"wp","href":"https:\/\/api.w.org\/{rel}","templated":true}]}}